{"id":889,"date":"2018-02-20T00:17:21","date_gmt":"2018-02-20T00:17:21","guid":{"rendered":"http:\/\/designsundsvall.se\/?page_id=889"},"modified":"2018-02-20T00:17:21","modified_gmt":"2018-02-20T00:17:21","slug":"andra-sidans-skona-diva-en-bok-om-ingrid-bergman","status":"publish","type":"page","link":"https:\/\/designsundsvall.se\/?page_id=889","title":{"rendered":"Andra sidans sk\u00f6na diva &#8211; en bok om Ingrid Bergman"},"content":{"rendered":"<div id=\"attachment_872\" style=\"width: 447px\" class=\"wp-caption aligncenter\"><a href=\"https:\/\/designsundsvall.se\/wp-content\/uploads\/2017\/11\/E-bok-omslag-Ingrid-Bergman-Fo\u0308rsta-sidan.jpg\"><img loading=\"lazy\" decoding=\"async\" aria-describedby=\"caption-attachment-872\" class=\" wp-image-872\" src=\"https:\/\/designsundsvall.se\/wp-content\/uploads\/2017\/11\/E-bok-omslag-Ingrid-Bergman-Fo\u0308rsta-sidan-690x1024.jpg\" alt=\"Boken om Ingrid Bergman finns i bokhandlarna i Sundsvall fr\u00e5n den 9 december, och i \u00f6vriga landet veckan d\u00e4rp\u00e5.\" width=\"437\" height=\"649\" srcset=\"https:\/\/designsundsvall.se\/wp-content\/uploads\/2017\/11\/E-bok-omslag-Ingrid-Bergman-Fo\u0308rsta-sidan-690x1024.jpg 690w, https:\/\/designsundsvall.se\/wp-content\/uploads\/2017\/11\/E-bok-omslag-Ingrid-Bergman-Fo\u0308rsta-sidan-202x300.jpg 202w, https:\/\/designsundsvall.se\/wp-content\/uploads\/2017\/11\/E-bok-omslag-Ingrid-Bergman-Fo\u0308rsta-sidan.jpg 887w\" sizes=\"auto, (max-width: 437px) 100vw, 437px\" \/><\/a><p id=\"caption-attachment-872\" class=\"wp-caption-text\">Boken om Ingrid Bergman finns i bokhandlarna i Sundsvall fr\u00e5n och i \u00f6vriga landet.<\/p><\/div>\n<p><em>Andra sidans sk\u00f6na diva,<\/em>\u00a0en ny sp\u00e4nnande\u00a0bok fr\u00e5n Design Sundsvall, och s\u00e4kert en av de mest sp\u00e4nnande b\u00f6ckerna kring lokal historia utgiven 2017. Med utblick i den stora filmv\u00e4rlden, fr\u00e5n Filmstaden i Solna till Italien och Hollywood. En n\u00e4rg\u00e5ngen skildring av v\u00e4rldsk\u00e4nda sk\u00e5despelerskan Ingrid Bergman, kompletterat med aldrig tidigare publicerat material om henne och hennes familj i St\u00f6de.<\/p>\n<p>F\u00f6rfattare \u00e4r Petter \u00d6sterlund, intendent p\u00e5 Sundsvalls museum. I samband med en utst\u00e4llning han var med och arrangerade p\u00e5 museet fick han in en hel del nytt material kring Ingrid Bergman och hennes sl\u00e4kt i St\u00f6de. Det resulterade n\u00e5got \u00e5r senare i denna bok, en bok som s\u00e4ljs i bokhandlar \u00f6ver hela landet.<\/p>\n<p>L\u00e4s om Petter och hans f\u00f6rfattande i den h\u00e4r artikeln i Sundsvalls Tidning:<\/p>\n<p><a href=\"http:\/\/www.st.nu\/kultur\/petter-skrev-en-bok-med-hjalp-av-sina-diagnoser-pa-ratt-plats-ar-det-en-fordel\" target=\"_blank\"><strong>Petter skriver bok med hj\u00e4lp av sina diagnoser.<\/strong><\/a><\/p>\n<div id=\"attachment_890\" style=\"width: 774px\" class=\"wp-caption aligncenter\"><a href=\"https:\/\/designsundsvall.se\/wp-content\/uploads\/2018\/02\/Petter-O\u0308sterlund-i-ST.jpg\"><img loading=\"lazy\" decoding=\"async\" aria-describedby=\"caption-attachment-890\" class=\"size-full wp-image-890\" src=\"https:\/\/designsundsvall.se\/wp-content\/uploads\/2018\/02\/Petter-O\u0308sterlund-i-ST.jpg\" alt=\"Sundsvalls Tidning 21 januari 2018.\" width=\"764\" height=\"866\" srcset=\"https:\/\/designsundsvall.se\/wp-content\/uploads\/2018\/02\/Petter-O\u0308sterlund-i-ST.jpg 764w, https:\/\/designsundsvall.se\/wp-content\/uploads\/2018\/02\/Petter-O\u0308sterlund-i-ST-264x300.jpg 264w\" sizes=\"auto, (max-width: 764px) 100vw, 764px\" \/><\/a><p id=\"caption-attachment-890\" class=\"wp-caption-text\">Sundsvalls Tidning 21 januari 2018.<\/p><\/div>\n","protected":false},"excerpt":{"rendered":"<p>Andra sidans sk\u00f6na diva,\u00a0en ny sp\u00e4nnande\u00a0bok fr\u00e5n Design Sundsvall, och s\u00e4kert en av de mest sp\u00e4nnande b\u00f6ckerna kring lokal historia utgiven 2017. Med utblick i den stora filmv\u00e4rlden, fr\u00e5n Filmstaden i Solna till Italien och Hollywood. En n\u00e4rg\u00e5ngen skildring av &hellip; <a href=\"https:\/\/designsundsvall.se\/?page_id=889\">Forts\u00e4tt l\u00e4sa <span class=\"meta-nav\">&rarr;<\/span><\/a><\/p>\n","protected":false},"author":1,"featured_media":0,"parent":382,"menu_order":0,"comment_status":"open","ping_status":"open","template":"","meta":{"footnotes":""},"class_list":["post-889","page","type-page","status-publish","hentry"],"post_mailing_queue_ids":[],"_links":{"self":[{"href":"https:\/\/designsundsvall.se\/index.php?rest_route=\/wp\/v2\/pages\/889","targetHints":{"allow":["GET"]}}],"collection":[{"href":"https:\/\/designsundsvall.se\/index.php?rest_route=\/wp\/v2\/pages"}],"about":[{"href":"https:\/\/designsundsvall.se\/index.php?rest_route=\/wp\/v2\/types\/page"}],"author":[{"embeddable":true,"href":"https:\/\/designsundsvall.se\/index.php?rest_route=\/wp\/v2\/users\/1"}],"replies":[{"embeddable":true,"href":"https:\/\/designsundsvall.se\/index.php?rest_route=%2Fwp%2Fv2%2Fcomments&post=889"}],"version-history":[{"count":1,"href":"https:\/\/designsundsvall.se\/index.php?rest_route=\/wp\/v2\/pages\/889\/revisions"}],"predecessor-version":[{"id":892,"href":"https:\/\/designsundsvall.se\/index.php?rest_route=\/wp\/v2\/pages\/889\/revisions\/892"}],"up":[{"embeddable":true,"href":"https:\/\/designsundsvall.se\/index.php?rest_route=\/wp\/v2\/pages\/382"}],"wp:attachment":[{"href":"https:\/\/designsundsvall.se\/index.php?rest_route=%2Fwp%2Fv2%2Fmedia&parent=889"}],"curies":[{"name":"wp","href":"https:\/\/api.w.org\/{rel}","templated":true}]}}