{"id":1052,"date":"2019-04-15T18:58:02","date_gmt":"2019-04-15T18:58:02","guid":{"rendered":"http:\/\/designsundsvall.se\/?page_id=1052"},"modified":"2019-04-15T18:58:02","modified_gmt":"2019-04-15T18:58:02","slug":"mitt-liv-bortom-rubrikerna-striderna-i-mediefamiljerna","status":"publish","type":"page","link":"https:\/\/designsundsvall.se\/?page_id=1052","title":{"rendered":"Mitt liv bortom rubrikerna \u2013 Striderna i mediefamiljerna"},"content":{"rendered":"<p class=\"p1\"><a href=\"https:\/\/designsundsvall.se\/wp-content\/uploads\/2019\/02\/STriderna-omslag-1.jpg\"><img loading=\"lazy\" decoding=\"async\" class=\"alignright wp-image-1042\" src=\"https:\/\/designsundsvall.se\/wp-content\/uploads\/2019\/02\/STriderna-omslag-1-725x1024.jpg\" alt=\"STriderna omslag-1\" width=\"325\" height=\"459\" srcset=\"https:\/\/designsundsvall.se\/wp-content\/uploads\/2019\/02\/STriderna-omslag-1-725x1024.jpg 725w, https:\/\/designsundsvall.se\/wp-content\/uploads\/2019\/02\/STriderna-omslag-1-212x300.jpg 212w, https:\/\/designsundsvall.se\/wp-content\/uploads\/2019\/02\/STriderna-omslag-1.jpg 1317w\" sizes=\"auto, (max-width: 325px) 100vw, 325px\" \/><\/a><\/p>\n<p class=\"p1\">I december 2018 publicerade vi boken \u201dMarabou, R\u00f6d-Lotta och Gangster-Kalle\u201d av Anders \u00d6hrn. Den blev en verklig snackis i Sundsvall.\u00a0I b\u00f6rjan av maj 2019 kommer \u00e5rets snackis! F\u00f6rre chefredakt\u00f6ren p\u00e5 Sundsvalls Tidning, B\u00f6rje Alstr\u00f6ms bok \u201dMitt liv bortom rubrikerna. Striderna i mediefamiljerna\u201d. D\u00e4r avsl\u00f6jar han maktkampen och familjefejderna som ledde till att \u00e4garfamiljerna tappade greppet om tidningen. Det \u00f6ppnade f\u00f6r ett \u00f6vertagande som till slut blev Mittmediakoncernen.<\/p>\n<p class=\"p1\">B\u00f6rje Alstr\u00f6m skriver i inledningen:<br \/>\n<i>\u201d Jag hade aldrig kunnat f\u00f6rest\u00e4lla mig vad som skulle d\u00f6lja sig i den enorma samling dokument som mina sl\u00e4ktingar l\u00e4mnat efter sig. Min f\u00f6rsta tanke var. Varf\u00f6r sparar man p\u00e5 allt detta? Handlingar som man normalt sett kastar. B\u00e5de d\u00e4rf\u00f6r att man inte vill att efterv\u00e4rlden skall f\u00e5 veta allt och f\u00f6r att en del \u00e4r s\u00e5 komprometterande att det helst borde gl\u00f6mmas. Men dokumenten m\u00e5ste ha sparats d\u00e4rf\u00f6r att man ville precis det motsatta.\u201d<\/i><\/p>\n<p class=\"p3\"><span class=\"s1\">En av dem som bidragit med intressanta fakta \u00e4r f\u00f6rre chefredakt\u00f6ren f\u00f6r Gefle Dagblad, Robert Ros\u00e9n:<i><br \/>\n\u201dJag fick k\u00e4nnedom om att GD skulle k\u00f6pa ST p\u00e5 ett annorlunda s\u00e4tt, s\u00e4ger Robert Ros\u00e9n, f.d. chefredakt\u00f6r p\u00e5 GD, i ett samtal med mig v\u00e5ren 2018.<span class=\"Apple-converted-space\">\u00a0\u00a0<\/span>Vi hade internpostkuvert p\u00e5 GD, man str\u00f6k ett namn och skrev en ny adressat. Det var inte meningen att jag skulle f\u00e5 brevet som inneh\u00f6ll en beskrivning av hur aff\u00e4ren med ST skulle g\u00e5 till, men genom den felaktiga adresseringen fick jag tidigt och oavsiktligt veta vad som var p\u00e5 g\u00e5ng. Jag trodde inte det var sant att lilla GD skulle k\u00f6pa den betydligt st\u00f6rre ST-koncernen, s\u00e4ger Robert.\u201d<\/i><\/span><\/p>\n<p class=\"p3\">Boken utkommer v\u00e5ren 2019. Abonnera p\u00e5 nya inl\u00e4gg \u00f6verst i spalten h\u00e4r till h\u00f6ger s\u00e5 missar du inte informationen om n\u00e4r boken sl\u00e4pps!<\/p>\n","protected":false},"excerpt":{"rendered":"<p>I december 2018 publicerade vi boken \u201dMarabou, R\u00f6d-Lotta och Gangster-Kalle\u201d av Anders \u00d6hrn. Den blev en verklig snackis i Sundsvall.\u00a0I b\u00f6rjan av maj 2019 kommer \u00e5rets snackis! F\u00f6rre chefredakt\u00f6ren p\u00e5 Sundsvalls Tidning, B\u00f6rje Alstr\u00f6ms bok \u201dMitt liv bortom rubrikerna. Striderna &hellip; <a href=\"https:\/\/designsundsvall.se\/?page_id=1052\">Forts\u00e4tt l\u00e4sa <span class=\"meta-nav\">&rarr;<\/span><\/a><\/p>\n","protected":false},"author":1,"featured_media":0,"parent":382,"menu_order":0,"comment_status":"open","ping_status":"open","template":"","meta":{"footnotes":""},"class_list":["post-1052","page","type-page","status-publish","hentry"],"post_mailing_queue_ids":[],"_links":{"self":[{"href":"https:\/\/designsundsvall.se\/index.php?rest_route=\/wp\/v2\/pages\/1052","targetHints":{"allow":["GET"]}}],"collection":[{"href":"https:\/\/designsundsvall.se\/index.php?rest_route=\/wp\/v2\/pages"}],"about":[{"href":"https:\/\/designsundsvall.se\/index.php?rest_route=\/wp\/v2\/types\/page"}],"author":[{"embeddable":true,"href":"https:\/\/designsundsvall.se\/index.php?rest_route=\/wp\/v2\/users\/1"}],"replies":[{"embeddable":true,"href":"https:\/\/designsundsvall.se\/index.php?rest_route=%2Fwp%2Fv2%2Fcomments&post=1052"}],"version-history":[{"count":1,"href":"https:\/\/designsundsvall.se\/index.php?rest_route=\/wp\/v2\/pages\/1052\/revisions"}],"predecessor-version":[{"id":1053,"href":"https:\/\/designsundsvall.se\/index.php?rest_route=\/wp\/v2\/pages\/1052\/revisions\/1053"}],"up":[{"embeddable":true,"href":"https:\/\/designsundsvall.se\/index.php?rest_route=\/wp\/v2\/pages\/382"}],"wp:attachment":[{"href":"https:\/\/designsundsvall.se\/index.php?rest_route=%2Fwp%2Fv2%2Fmedia&parent=1052"}],"curies":[{"name":"wp","href":"https:\/\/api.w.org\/{rel}","templated":true}]}}