{"id":1008,"date":"2019-01-19T23:41:00","date_gmt":"2019-01-19T23:41:00","guid":{"rendered":"http:\/\/designsundsvall.se\/?page_id=1008"},"modified":"2019-01-19T23:41:00","modified_gmt":"2019-01-19T23:41:00","slug":"marabou-rod-lotta-och-gangster-kalle","status":"publish","type":"page","link":"https:\/\/designsundsvall.se\/?page_id=1008","title":{"rendered":"Marabou, R\u00f6d-Lotta och Gangster-Kalle"},"content":{"rendered":"<p><a href=\"https:\/\/designsundsvall.se\/wp-content\/uploads\/2018\/11\/Omslag-Marabou-front.jpg\"><img loading=\"lazy\" decoding=\"async\" class=\"alignright wp-image-989 \" src=\"https:\/\/designsundsvall.se\/wp-content\/uploads\/2018\/11\/Omslag-Marabou-front-630x1024.jpg\" alt=\"Omslag fo\u0308r tryck.indd\" width=\"335\" height=\"544\" srcset=\"https:\/\/designsundsvall.se\/wp-content\/uploads\/2018\/11\/Omslag-Marabou-front-630x1024.jpg 630w, https:\/\/designsundsvall.se\/wp-content\/uploads\/2018\/11\/Omslag-Marabou-front-184x300.jpg 184w, https:\/\/designsundsvall.se\/wp-content\/uploads\/2018\/11\/Omslag-Marabou-front.jpg 659w\" sizes=\"auto, (max-width: 335px) 100vw, 335px\" \/><\/a>S\u00e5 h\u00e4r ser den ut, bok nummer tv\u00e5 fr\u00e5n Anders \u00d6hrns penna. Bokrelease var\u00a0det den 15 december 2018 i V\u00e4ng\u00e5vans bokhandel i Sundsvall.<\/p>\n<p>S\u00e5 h\u00e4r skriver teater- och radiomannen <strong>Lars T Johansson<\/strong> i f\u00f6rordet till boken:<\/p>\n<p>T\u00e4nk Dig att Du g\u00e5r p\u00e5 stadens stora gata, och att Du m\u00f6ter alla som bor, bott eller g\u00e4stat staden. Du vet hur det \u00e4r, det \u00e4r alltid n\u00e5gon eller n\u00e5gra som, mer \u00e4n andra, drar till sig Din uppm\u00e4rksamhet. Vad det kan t\u00e4nkas bero p\u00e5 \u00e4r, s\u00e5 klart, sv\u00e5rt att s\u00e4ga, men visst st\u00e4mmer det. Vissa har f\u00f6rtj\u00e4nat Din uppm\u00e4rksamhet oavsett om de har utf\u00f6rt stord\u00e5d eller bara har valt ett levnadss\u00e4tt som inte riktigt rimmar med g\u00e4ngse leverne. Kufar, profiler eller original, m\u00e4nniskor i marginalen, de bespottade, men \u00e4nd\u00e5, p\u00e5 n\u00e5got besynnerligt s\u00e4tt, \u00e4lskade.<\/p>\n<p>Hj\u00e4ltar, hj\u00e4ltinnor, innovat\u00f6rer, aff\u00e4rsidkare, artister, konstn\u00e4rer, folk i str\u00e5lglansen, p\u00e5 topp, de beundrade, vars existenser, inte alltid, var ett liv i evig lycka och harmoni. Alla dessa som f\u00e5r sin egen plats bland alla oss andra, vanliga.<\/p>\n<p>Denna bok \u00e4r som en, ovan beskriven, promenad genom folkvimlet p\u00e5 stora gatan. Anders \u00d6hrn har, skickligt och omsorgsfullt, skildrat en rad av de m\u00e4nniskor som gjort Sundsvall till n\u00e5got mycket mer \u00e4n bara \u201dstaden mellan bergen\u201d. De sm\u00e5, men genomt\u00e4nkta portr\u00e4tten av m\u00e4nniskorna som, p\u00e5 ett eller annat s\u00e4tt f\u00e4rgat, och f\u00e4rgar, inte bara staden utan hela kommunen \u00e4r dock inte bara en bok f\u00f6r Sundsvallsbor. De kommer f\u00f6rvisso att k\u00e4nna igen sig en hel del, men ocks\u00e5 g\u00f6ra nya bekantskaper. En utsocknes l\u00e4sare, som jag, kommer att k\u00e4nna sig mer befryndade med, och p\u00e5 n\u00e5t vis mera hemma i \u201dK\u00f6pmansvik\u201d, som Lubbe Nordstr\u00f6m ben\u00e4mnde stan.<br \/>\nM\u00e4nniskor och h\u00e4ndelser h\u00f6r ihop. M\u00e5nga och intressanta \u00e4r ocks\u00e5 de tilldragelser som timat runt personerna i denna bok. Inte minst frapperas en av det, sm\u00e5tt, kaotiska f\u00f6rspelet till en av de st\u00f6rsta kulturg\u00e4rningarna en liten l\u00e4nsteater \u00e5stadkommit. Vid tiden med f\u00f6rfattaren sj\u00e4lv vid rodret som teaterns chef.<br \/>\nJag kan varmt rekommendera denna sp\u00e4nnande promenad l\u00e4ngs stora gatan.<br \/>\n<em><strong>Lars T Johansson<\/strong><\/em><\/p>\n<p>Boken blev en succ\u00e9 och snabbt en snackis p\u00e5 stan, men \u00e4ven p\u00e5 Facebook och sidan<br \/>\n<strong><a href=\"https:\/\/www.facebook.com\/groups\/5060taletsundsvall\/\">Vi som v\u00e4xte upp i Sundsvall p\u00e5 50-60-talet<\/a><\/strong><\/p>\n<p>Att Anders \u00d6hrn nu har etablerat sig som f\u00f6rfattare \u00e4r det ingen tvekan om. B\u00e4sta tecknet p\u00e5 det \u00e4r att V\u00e4ng\u00e5vans bokhandel inbj\u00f6d honom till en egen Bokens afton 6 februari 2019. Och Anders skriver redan p\u00e5 bok nummer 3 och fyra!<\/p>\n<div id=\"attachment_1002\" style=\"width: 677px\" class=\"wp-caption alignright\"><a href=\"https:\/\/designsundsvall.se\/wp-content\/uploads\/2019\/01\/2019-02-06-Anders-O\u0308hrn-100-dpi.jpg\"><img loading=\"lazy\" decoding=\"async\" aria-describedby=\"caption-attachment-1002\" class=\"size-full wp-image-1002\" src=\"https:\/\/designsundsvall.se\/wp-content\/uploads\/2019\/01\/2019-02-06-Anders-O\u0308hrn-100-dpi.jpg\" alt=\"Ny boksignering med Anders \u00d6hrn.\" width=\"667\" height=\"933\" srcset=\"https:\/\/designsundsvall.se\/wp-content\/uploads\/2019\/01\/2019-02-06-Anders-O\u0308hrn-100-dpi.jpg 667w, https:\/\/designsundsvall.se\/wp-content\/uploads\/2019\/01\/2019-02-06-Anders-O\u0308hrn-100-dpi-214x300.jpg 214w\" sizes=\"auto, (max-width: 667px) 100vw, 667px\" \/><\/a><p id=\"caption-attachment-1002\" class=\"wp-caption-text\">Ny boksignering med Anders \u00d6hrn.<\/p><\/div>\n","protected":false},"excerpt":{"rendered":"<p>S\u00e5 h\u00e4r ser den ut, bok nummer tv\u00e5 fr\u00e5n Anders \u00d6hrns penna. Bokrelease var\u00a0det den 15 december 2018 i V\u00e4ng\u00e5vans bokhandel i Sundsvall. S\u00e5 h\u00e4r skriver teater- och radiomannen Lars T Johansson i f\u00f6rordet till boken: T\u00e4nk Dig att Du &hellip; <a href=\"https:\/\/designsundsvall.se\/?page_id=1008\">Forts\u00e4tt l\u00e4sa <span class=\"meta-nav\">&rarr;<\/span><\/a><\/p>\n","protected":false},"author":1,"featured_media":0,"parent":382,"menu_order":0,"comment_status":"open","ping_status":"open","template":"","meta":{"footnotes":""},"class_list":["post-1008","page","type-page","status-publish","hentry"],"post_mailing_queue_ids":[],"_links":{"self":[{"href":"https:\/\/designsundsvall.se\/index.php?rest_route=\/wp\/v2\/pages\/1008","targetHints":{"allow":["GET"]}}],"collection":[{"href":"https:\/\/designsundsvall.se\/index.php?rest_route=\/wp\/v2\/pages"}],"about":[{"href":"https:\/\/designsundsvall.se\/index.php?rest_route=\/wp\/v2\/types\/page"}],"author":[{"embeddable":true,"href":"https:\/\/designsundsvall.se\/index.php?rest_route=\/wp\/v2\/users\/1"}],"replies":[{"embeddable":true,"href":"https:\/\/designsundsvall.se\/index.php?rest_route=%2Fwp%2Fv2%2Fcomments&post=1008"}],"version-history":[{"count":1,"href":"https:\/\/designsundsvall.se\/index.php?rest_route=\/wp\/v2\/pages\/1008\/revisions"}],"predecessor-version":[{"id":1009,"href":"https:\/\/designsundsvall.se\/index.php?rest_route=\/wp\/v2\/pages\/1008\/revisions\/1009"}],"up":[{"embeddable":true,"href":"https:\/\/designsundsvall.se\/index.php?rest_route=\/wp\/v2\/pages\/382"}],"wp:attachment":[{"href":"https:\/\/designsundsvall.se\/index.php?rest_route=%2Fwp%2Fv2%2Fmedia&parent=1008"}],"curies":[{"name":"wp","href":"https:\/\/api.w.org\/{rel}","templated":true}]}}